{"id":1476,"date":"2021-10-19T21:48:15","date_gmt":"2021-10-19T21:48:15","guid":{"rendered":"https:\/\/ride-in.de\/site\/?page_id=1476"},"modified":"2023-10-13T11:02:06","modified_gmt":"2023-10-13T11:02:06","slug":"privatsphaere-und-datenschutz","status":"publish","type":"page","link":"https:\/\/ride-in.de\/site\/privatsphaere-und-datenschutz\/","title":{"rendered":"Privatsph\u00e4re und Datenschutz"},"content":{"rendered":"\t\t<div data-elementor-type=\"wp-page\" data-elementor-id=\"1476\" class=\"elementor elementor-1476\">\n\t\t\t\t\t\t<section class=\"has_eae_slider elementor-section elementor-top-section elementor-element elementor-element-de25101 elementor-section-boxed elementor-section-height-default elementor-section-height-default\" data-eae-slider=\"90516\" data-id=\"de25101\" data-element_type=\"section\" data-e-type=\"section\">\n\t\t\t\t\t\t<div class=\"elementor-container elementor-column-gap-default\">\n\t\t\t\t\t<div class=\"has_eae_slider elementor-column elementor-col-100 elementor-top-column elementor-element elementor-element-a3543c3\" data-eae-slider=\"39001\" data-id=\"a3543c3\" data-element_type=\"column\" data-e-type=\"column\">\n\t\t\t<div class=\"elementor-widget-wrap elementor-element-populated\">\n\t\t\t\t\t\t<div class=\"elementor-element elementor-element-93235f9 elementor-widget elementor-widget-text-editor\" data-id=\"93235f9\" data-element_type=\"widget\" data-e-type=\"widget\" data-widget_type=\"text-editor.default\">\n\t\t\t\t<div class=\"elementor-widget-container\">\n\t\t\t\t\t\t\t\t\t<strong><span style=\"font-size: 18px;\">Datenschutzerkl\u00e4rung<\/span><\/strong><\/br>\n\n<span style=\"font-size: 14px;\">Wir legen gr\u00f6\u00dften Wert auf den Schutz Ihrer Daten und die Wahrung Ihrer Privatsph\u00e4re. Nachstehend informieren wir Sie deshalb \u00fcber die Erhebung und Verwendung pers\u00f6nlicher Daten bei Nutzung unserer Webseite.<\/span><\/br><\/br>\n\n<span style=\"font-size: 14px;\"><strong>Anonyme Datenerhebung<\/strong><\/br>\nSie k\u00f6nnen unsere Webseiten besuchen, ohne Angaben zu Ihrer Person zu machen. Wir speichern in diesem Zusammenhang keinerlei pers\u00f6nliche Daten. Um unser Angebot zu verbessern, werten wir lediglich statistische Daten aus, die keinen R\u00fcckschluss auf Ihre Person erlauben.<\/span><\/br>\n\n<code><p id=\"matomo_opted_out_intro\" style=\"display:none;\">Opt-out complete; your visits to this website will not be recorded by the Web Analytics tool. Note that if you clear your cookies, delete the opt-out cookie, or if you change computers or Web browsers, you will need to perform the opt-out procedure again.<\/p><p id=\"matomo_opted_in_intro\" >You may choose to prevent this website from aggregating and analyzing the actions you take here. Doing so will protect your privacy, but will also prevent the owner from learning from your actions and creating a better experience for you and other users.<\/p><form>\n        <input type=\"checkbox\" id=\"matomo_optout_checkbox\" checked=\"checked\"\/>\n        <label for=\"matomo_optout_checkbox\"><strong>\n        <span id=\"matomo_opted_in_label\" >You are not opted out. Uncheck this box to opt-out.<\/span>\n\t\t<span id=\"matomo_opted_out_label\" style=\"display:none;\">You are currently opted out. Check this box to opt-in.<\/span>\n        <\/strong><\/label><\/form><noscript><p><strong style=\"color: #ff0000;\">This opt out feature requires JavaScript.<\/strong><\/p><\/noscript><p id=\"matomo_outout_err_cookies\" style=\"display: none;\"><strong>The tracking opt-out feature requires cookies to be enabled.<\/strong><\/p><\/code><\/br><\/br>\n\n<span style=\"font-size: 14px;\"><strong>Erhebung, Verarbeitung und Nutzung personenbezogener Daten<\/strong><\/br>\nWir erheben personenbezogene Daten (Einzelangaben \u00fcber pers\u00f6nliche oder sachliche Verh\u00e4ltnisse einer bestimmten oder bestimmbaren nat\u00fcrlichen Person) nur in dem von Ihnen zur Verf\u00fcgung gestellten Umfang.\nDie Verarbeitung und Nutzung Ihrer personenbezogenen Daten erfolgt zur Erf\u00fcllung und Abwicklung Ihrer Bestellung sowie zur Bearbeitung Ihrer Anfragen.<\/span>\n<span style=\"font-size: 14px;\">Nach vollst\u00e4ndiger Vertragsabwicklung werden alle personenbezogenen Daten zun\u00e4chst unter Ber\u00fccksichtigung steuer- und handelsrechtlicher Aufbewahrungsfristen gespeichert und dann nach Fristablauf gel\u00f6scht, sofern Sie der weitergehenden Verarbeitung und Nutzung nicht zugestimmt haben.<\/span><\/br><\/br>\n\n<span style=\"font-size: 14px;\"><strong>Weitergabe personenbezogener Daten<\/strong><\/br>\nEine Weitergabe Ihrer Daten an Dritte ohne Ihre ausdr\u00fcckliche Einwilligung erfolgt nicht. Ausgenommen hiervon sind lediglich unsere Dienstleistungspartner, die wir zur Abwicklung des Vertragsverh\u00e4ltnisses ben\u00f6tigen. In diesen F\u00e4llen beachten wir strikt die Vorgaben des Bundesdatenschutzgesetzes. Der Umfang der Daten\u00fcbermittlung beschr\u00e4nkt sich auf ein Mindestma\u00df.<\/span><\/br><\/br>\n\n<span style=\"font-size: 14px;\"><strong>Cookies <\/strong><\/br>\nUnsere Internetseiten verwenden an mehreren Stellen so genannte Cookies. Cookies sind kleine Textdateien, die auf Ihrem Rechner abgelegt werden und die Ihr Browser speichert. Sie dienen dazu, unser Angebot nutzerfreundlicher, effektiver und sicherer zu machen. Des Weiteren erm\u00f6glichen Cookies unseren Systemen, Ihren Browser zu erkennen und Ihnen Services anzubieten. Cookies enthalten keine personenbezogenen Daten.<\/span><\/br><\/br>\n\n<span style=\"font-size: 14px;\"><strong>Auskunft, Berichtigung, Sperrung und L\u00f6schung von Daten<\/strong><\/br>\nSie haben jederzeit das Recht auf unentgeltliche Auskunft \u00fcber Ihre gespeicherten Daten sowie das Recht auf Berichtigung, L\u00f6schung bzw. Sperrung. Kontaktieren Sie uns auf Wunsch. Die Kontaktdaten finden Sie in unserem Impressum.<\/span>\n<span style=\"font-size: 14px;\">letzte Aktualisierung: 03.12.2020<\/span>\n\n\t\t\t\t\t\t\t\t<\/div>\n\t\t\t\t<\/div>\n\t\t\t\t\t<\/div>\n\t\t<\/div>\n\t\t\t\t\t<\/div>\n\t\t<\/section>\n\t\t\t\t<\/div>\n\t\t","protected":false},"excerpt":{"rendered":"<p>Datenschutzerkl\u00e4rung Wir legen gr\u00f6\u00dften Wert auf den Schutz Ihrer Daten und die Wahrung Ihrer Privatsph\u00e4re. Nachstehend informieren wir Sie deshalb \u00fcber die Erhebung und Verwendung pers\u00f6nlicher Daten bei Nutzung unserer Webseite. Anonyme Datenerhebung Sie k\u00f6nnen unsere Webseiten besuchen, ohne Angaben zu Ihrer Person zu machen. Wir speichern in diesem Zusammenhang keinerlei pers\u00f6nliche Daten. Um unser &hellip; <\/p>\n","protected":false},"author":1,"featured_media":0,"parent":0,"menu_order":0,"comment_status":"closed","ping_status":"closed","template":"","meta":{"footnotes":""},"folder":[147],"class_list":["post-1476","page","type-page","status-publish","hentry"],"yoast_head":"<!-- This site is optimized with the Yoast SEO plugin v27.5 - https:\/\/yoast.com\/product\/yoast-seo-wordpress\/ -->\n<title>Privatsph\u00e4re und Datenschutz - RIDE IN<\/title>\n<meta name=\"robots\" content=\"index, follow, max-snippet:-1, max-image-preview:large, max-video-preview:-1\" \/>\n<link rel=\"canonical\" href=\"https:\/\/ride-in.de\/site\/privatsphaere-und-datenschutz\/\" \/>\n<meta property=\"og:locale\" content=\"de_DE\" \/>\n<meta property=\"og:type\" content=\"article\" \/>\n<meta property=\"og:title\" content=\"Privatsph\u00e4re und Datenschutz - RIDE IN\" \/>\n<meta property=\"og:description\" content=\"Datenschutzerkl\u00e4rung Wir legen gr\u00f6\u00dften Wert auf den Schutz Ihrer Daten und die Wahrung Ihrer Privatsph\u00e4re. Nachstehend informieren wir Sie deshalb \u00fcber die Erhebung und Verwendung pers\u00f6nlicher Daten bei Nutzung unserer Webseite. Anonyme Datenerhebung Sie k\u00f6nnen unsere Webseiten besuchen, ohne Angaben zu Ihrer Person zu machen. Wir speichern in diesem Zusammenhang keinerlei pers\u00f6nliche Daten. Um unser &hellip;\" \/>\n<meta property=\"og:url\" content=\"https:\/\/ride-in.de\/site\/privatsphaere-und-datenschutz\/\" \/>\n<meta property=\"og:site_name\" content=\"RIDE IN\" \/>\n<meta property=\"article:modified_time\" content=\"2023-10-13T11:02:06+00:00\" \/>\n<meta name=\"twitter:card\" content=\"summary_large_image\" \/>\n<meta name=\"twitter:label1\" content=\"Gesch\u00e4tzte Lesezeit\" \/>\n\t<meta name=\"twitter:data1\" content=\"2\u00a0Minuten\" \/>\n<script type=\"application\/ld+json\" class=\"yoast-schema-graph\">{\"@context\":\"https:\\\/\\\/schema.org\",\"@graph\":[{\"@type\":\"WebPage\",\"@id\":\"https:\\\/\\\/ride-in.de\\\/site\\\/privatsphaere-und-datenschutz\\\/\",\"url\":\"https:\\\/\\\/ride-in.de\\\/site\\\/privatsphaere-und-datenschutz\\\/\",\"name\":\"Privatsph\u00e4re und Datenschutz - RIDE IN\",\"isPartOf\":{\"@id\":\"https:\\\/\\\/ride-in.de\\\/site\\\/#website\"},\"datePublished\":\"2021-10-19T21:48:15+00:00\",\"dateModified\":\"2023-10-13T11:02:06+00:00\",\"breadcrumb\":{\"@id\":\"https:\\\/\\\/ride-in.de\\\/site\\\/privatsphaere-und-datenschutz\\\/#breadcrumb\"},\"inLanguage\":\"de\",\"potentialAction\":[{\"@type\":\"ReadAction\",\"target\":[\"https:\\\/\\\/ride-in.de\\\/site\\\/privatsphaere-und-datenschutz\\\/\"]}]},{\"@type\":\"BreadcrumbList\",\"@id\":\"https:\\\/\\\/ride-in.de\\\/site\\\/privatsphaere-und-datenschutz\\\/#breadcrumb\",\"itemListElement\":[{\"@type\":\"ListItem\",\"position\":1,\"name\":\"Start\",\"item\":\"https:\\\/\\\/ride-in.de\\\/site\\\/\"},{\"@type\":\"ListItem\",\"position\":2,\"name\":\"Privatsph\u00e4re und Datenschutz\"}]},{\"@type\":\"WebSite\",\"@id\":\"https:\\\/\\\/ride-in.de\\\/site\\\/#website\",\"url\":\"https:\\\/\\\/ride-in.de\\\/site\\\/\",\"name\":\"RIDE IN\",\"description\":\"Zweirad-Service\",\"publisher\":{\"@id\":\"https:\\\/\\\/ride-in.de\\\/site\\\/#organization\"},\"potentialAction\":[{\"@type\":\"SearchAction\",\"target\":{\"@type\":\"EntryPoint\",\"urlTemplate\":\"https:\\\/\\\/ride-in.de\\\/site\\\/?s={search_term_string}\"},\"query-input\":{\"@type\":\"PropertyValueSpecification\",\"valueRequired\":true,\"valueName\":\"search_term_string\"}}],\"inLanguage\":\"de\"},{\"@type\":\"Organization\",\"@id\":\"https:\\\/\\\/ride-in.de\\\/site\\\/#organization\",\"name\":\"RIDE IN\",\"url\":\"https:\\\/\\\/ride-in.de\\\/site\\\/\",\"logo\":{\"@type\":\"ImageObject\",\"inLanguage\":\"de\",\"@id\":\"https:\\\/\\\/ride-in.de\\\/site\\\/#\\\/schema\\\/logo\\\/image\\\/\",\"url\":\"https:\\\/\\\/ride-in.de\\\/site\\\/wp-content\\\/uploads\\\/2021\\\/01\\\/logo-ride-in-gerade333x111.png\",\"contentUrl\":\"https:\\\/\\\/ride-in.de\\\/site\\\/wp-content\\\/uploads\\\/2021\\\/01\\\/logo-ride-in-gerade333x111.png\",\"width\":333,\"height\":111,\"caption\":\"RIDE IN\"},\"image\":{\"@id\":\"https:\\\/\\\/ride-in.de\\\/site\\\/#\\\/schema\\\/logo\\\/image\\\/\"}}]}<\/script>\n<!-- \/ Yoast SEO plugin. -->","yoast_head_json":{"title":"Privatsph\u00e4re und Datenschutz - RIDE IN","robots":{"index":"index","follow":"follow","max-snippet":"max-snippet:-1","max-image-preview":"max-image-preview:large","max-video-preview":"max-video-preview:-1"},"canonical":"https:\/\/ride-in.de\/site\/privatsphaere-und-datenschutz\/","og_locale":"de_DE","og_type":"article","og_title":"Privatsph\u00e4re und Datenschutz - RIDE IN","og_description":"Datenschutzerkl\u00e4rung Wir legen gr\u00f6\u00dften Wert auf den Schutz Ihrer Daten und die Wahrung Ihrer Privatsph\u00e4re. Nachstehend informieren wir Sie deshalb \u00fcber die Erhebung und Verwendung pers\u00f6nlicher Daten bei Nutzung unserer Webseite. Anonyme Datenerhebung Sie k\u00f6nnen unsere Webseiten besuchen, ohne Angaben zu Ihrer Person zu machen. Wir speichern in diesem Zusammenhang keinerlei pers\u00f6nliche Daten. Um unser &hellip;","og_url":"https:\/\/ride-in.de\/site\/privatsphaere-und-datenschutz\/","og_site_name":"RIDE IN","article_modified_time":"2023-10-13T11:02:06+00:00","twitter_card":"summary_large_image","twitter_misc":{"Gesch\u00e4tzte Lesezeit":"2\u00a0Minuten"},"schema":{"@context":"https:\/\/schema.org","@graph":[{"@type":"WebPage","@id":"https:\/\/ride-in.de\/site\/privatsphaere-und-datenschutz\/","url":"https:\/\/ride-in.de\/site\/privatsphaere-und-datenschutz\/","name":"Privatsph\u00e4re und Datenschutz - RIDE IN","isPartOf":{"@id":"https:\/\/ride-in.de\/site\/#website"},"datePublished":"2021-10-19T21:48:15+00:00","dateModified":"2023-10-13T11:02:06+00:00","breadcrumb":{"@id":"https:\/\/ride-in.de\/site\/privatsphaere-und-datenschutz\/#breadcrumb"},"inLanguage":"de","potentialAction":[{"@type":"ReadAction","target":["https:\/\/ride-in.de\/site\/privatsphaere-und-datenschutz\/"]}]},{"@type":"BreadcrumbList","@id":"https:\/\/ride-in.de\/site\/privatsphaere-und-datenschutz\/#breadcrumb","itemListElement":[{"@type":"ListItem","position":1,"name":"Start","item":"https:\/\/ride-in.de\/site\/"},{"@type":"ListItem","position":2,"name":"Privatsph\u00e4re und Datenschutz"}]},{"@type":"WebSite","@id":"https:\/\/ride-in.de\/site\/#website","url":"https:\/\/ride-in.de\/site\/","name":"RIDE IN","description":"Zweirad-Service","publisher":{"@id":"https:\/\/ride-in.de\/site\/#organization"},"potentialAction":[{"@type":"SearchAction","target":{"@type":"EntryPoint","urlTemplate":"https:\/\/ride-in.de\/site\/?s={search_term_string}"},"query-input":{"@type":"PropertyValueSpecification","valueRequired":true,"valueName":"search_term_string"}}],"inLanguage":"de"},{"@type":"Organization","@id":"https:\/\/ride-in.de\/site\/#organization","name":"RIDE IN","url":"https:\/\/ride-in.de\/site\/","logo":{"@type":"ImageObject","inLanguage":"de","@id":"https:\/\/ride-in.de\/site\/#\/schema\/logo\/image\/","url":"https:\/\/ride-in.de\/site\/wp-content\/uploads\/2021\/01\/logo-ride-in-gerade333x111.png","contentUrl":"https:\/\/ride-in.de\/site\/wp-content\/uploads\/2021\/01\/logo-ride-in-gerade333x111.png","width":333,"height":111,"caption":"RIDE IN"},"image":{"@id":"https:\/\/ride-in.de\/site\/#\/schema\/logo\/image\/"}}]}},"_links":{"self":[{"href":"https:\/\/ride-in.de\/site\/wp-json\/wp\/v2\/pages\/1476","targetHints":{"allow":["GET"]}}],"collection":[{"href":"https:\/\/ride-in.de\/site\/wp-json\/wp\/v2\/pages"}],"about":[{"href":"https:\/\/ride-in.de\/site\/wp-json\/wp\/v2\/types\/page"}],"author":[{"embeddable":true,"href":"https:\/\/ride-in.de\/site\/wp-json\/wp\/v2\/users\/1"}],"replies":[{"embeddable":true,"href":"https:\/\/ride-in.de\/site\/wp-json\/wp\/v2\/comments?post=1476"}],"version-history":[{"count":22,"href":"https:\/\/ride-in.de\/site\/wp-json\/wp\/v2\/pages\/1476\/revisions"}],"predecessor-version":[{"id":1722,"href":"https:\/\/ride-in.de\/site\/wp-json\/wp\/v2\/pages\/1476\/revisions\/1722"}],"wp:attachment":[{"href":"https:\/\/ride-in.de\/site\/wp-json\/wp\/v2\/media?parent=1476"}],"wp:term":[{"taxonomy":"folder","embeddable":true,"href":"https:\/\/ride-in.de\/site\/wp-json\/wp\/v2\/folder?post=1476"}],"curies":[{"name":"wp","href":"https:\/\/api.w.org\/{rel}","templated":true}]}}