{"id":661,"date":"2021-01-18T15:32:12","date_gmt":"2021-01-18T15:32:12","guid":{"rendered":"https:\/\/pixelmaker.info\/?page_id=661"},"modified":"2021-03-03T11:21:50","modified_gmt":"2021-03-03T11:21:50","slug":"flat-track-125i-abs","status":"publish","type":"page","link":"https:\/\/ride-in.de\/site\/fb-mondial\/flat-track-125i-abs\/","title":{"rendered":"Flat Track 125i ABS"},"content":{"rendered":"\t\t<div data-elementor-type=\"wp-page\" data-elementor-id=\"661\" class=\"elementor elementor-661\">\n\t\t\t\t\t\t<section class=\"has_eae_slider elementor-section elementor-top-section elementor-element elementor-element-e916515 elementor-section-boxed elementor-section-height-default elementor-section-height-default\" data-eae-slider=\"80209\" data-id=\"e916515\" data-element_type=\"section\" data-e-type=\"section\">\n\t\t\t\t\t\t<div class=\"elementor-container elementor-column-gap-default\">\n\t\t\t\t\t<div class=\"has_eae_slider elementor-column elementor-col-100 elementor-top-column elementor-element elementor-element-4e1c5f5\" data-eae-slider=\"39319\" data-id=\"4e1c5f5\" data-element_type=\"column\" data-e-type=\"column\">\n\t\t\t<div class=\"elementor-widget-wrap elementor-element-populated\">\n\t\t\t\t\t\t<div class=\"elementor-element elementor-element-44a85f3 elementor-widget elementor-widget-image\" data-id=\"44a85f3\" data-element_type=\"widget\" data-e-type=\"widget\" data-widget_type=\"image.default\">\n\t\t\t\t<div class=\"elementor-widget-container\">\n\t\t\t\t\t\t\t\t\t\t\t\t\t\t\t<img fetchpriority=\"high\" decoding=\"async\" width=\"1024\" height=\"680\" src=\"https:\/\/ride-in.de\/site\/wp-content\/uploads\/2021\/01\/FBMONDIAL_FLAT_TRACK_125i_ABS_yellow_Fahraufnahme_2-1024x680.jpg\" class=\"attachment-large size-large wp-image-705\" alt=\"\" srcset=\"https:\/\/ride-in.de\/site\/wp-content\/uploads\/2021\/01\/FBMONDIAL_FLAT_TRACK_125i_ABS_yellow_Fahraufnahme_2-1024x680.jpg 1024w, https:\/\/ride-in.de\/site\/wp-content\/uploads\/2021\/01\/FBMONDIAL_FLAT_TRACK_125i_ABS_yellow_Fahraufnahme_2-300x199.jpg 300w, https:\/\/ride-in.de\/site\/wp-content\/uploads\/2021\/01\/FBMONDIAL_FLAT_TRACK_125i_ABS_yellow_Fahraufnahme_2-768x510.jpg 768w, https:\/\/ride-in.de\/site\/wp-content\/uploads\/2021\/01\/FBMONDIAL_FLAT_TRACK_125i_ABS_yellow_Fahraufnahme_2-1536x1020.jpg 1536w, https:\/\/ride-in.de\/site\/wp-content\/uploads\/2021\/01\/FBMONDIAL_FLAT_TRACK_125i_ABS_yellow_Fahraufnahme_2-2048x1360.jpg 2048w, https:\/\/ride-in.de\/site\/wp-content\/uploads\/2021\/01\/FBMONDIAL_FLAT_TRACK_125i_ABS_yellow_Fahraufnahme_2-450x300.jpg 450w, https:\/\/ride-in.de\/site\/wp-content\/uploads\/2021\/01\/FBMONDIAL_FLAT_TRACK_125i_ABS_yellow_Fahraufnahme_2-90x60.jpg 90w\" sizes=\"(max-width: 1024px) 100vw, 1024px\" \/>\t\t\t\t\t\t\t\t\t\t\t\t\t\t\t<\/div>\n\t\t\t\t<\/div>\n\t\t\t\t\t<\/div>\n\t\t<\/div>\n\t\t\t\t\t<\/div>\n\t\t<\/section>\n\t\t\t\t<section class=\"has_eae_slider elementor-section elementor-top-section elementor-element elementor-element-566f0f2 elementor-section-boxed elementor-section-height-default elementor-section-height-default\" data-eae-slider=\"99409\" data-id=\"566f0f2\" data-element_type=\"section\" data-e-type=\"section\">\n\t\t\t\t\t\t<div class=\"elementor-container elementor-column-gap-default\">\n\t\t\t\t\t<div class=\"has_eae_slider elementor-column elementor-col-50 elementor-top-column elementor-element elementor-element-86df456\" data-eae-slider=\"17603\" data-id=\"86df456\" data-element_type=\"column\" data-e-type=\"column\">\n\t\t\t<div class=\"elementor-widget-wrap elementor-element-populated\">\n\t\t\t\t\t\t<div class=\"elementor-element elementor-element-2bb02f4 elementor-widget elementor-widget-image\" data-id=\"2bb02f4\" data-element_type=\"widget\" data-e-type=\"widget\" data-widget_type=\"image.default\">\n\t\t\t\t<div class=\"elementor-widget-container\">\n\t\t\t\t\t\t\t\t\t\t\t\t\t\t\t<img decoding=\"async\" width=\"1024\" height=\"680\" src=\"https:\/\/ride-in.de\/site\/wp-content\/uploads\/2021\/01\/FBMONDIAL_FLAT_TRACK_125i_ABS_yellow_02-1024x680.jpg\" class=\"attachment-large size-large wp-image-697\" alt=\"\" srcset=\"https:\/\/ride-in.de\/site\/wp-content\/uploads\/2021\/01\/FBMONDIAL_FLAT_TRACK_125i_ABS_yellow_02-1024x680.jpg 1024w, https:\/\/ride-in.de\/site\/wp-content\/uploads\/2021\/01\/FBMONDIAL_FLAT_TRACK_125i_ABS_yellow_02-300x199.jpg 300w, https:\/\/ride-in.de\/site\/wp-content\/uploads\/2021\/01\/FBMONDIAL_FLAT_TRACK_125i_ABS_yellow_02-768x510.jpg 768w, https:\/\/ride-in.de\/site\/wp-content\/uploads\/2021\/01\/FBMONDIAL_FLAT_TRACK_125i_ABS_yellow_02-1536x1020.jpg 1536w, https:\/\/ride-in.de\/site\/wp-content\/uploads\/2021\/01\/FBMONDIAL_FLAT_TRACK_125i_ABS_yellow_02-2048x1360.jpg 2048w, https:\/\/ride-in.de\/site\/wp-content\/uploads\/2021\/01\/FBMONDIAL_FLAT_TRACK_125i_ABS_yellow_02-450x300.jpg 450w, https:\/\/ride-in.de\/site\/wp-content\/uploads\/2021\/01\/FBMONDIAL_FLAT_TRACK_125i_ABS_yellow_02-90x60.jpg 90w\" sizes=\"(max-width: 1024px) 100vw, 1024px\" \/>\t\t\t\t\t\t\t\t\t\t\t\t\t\t\t<\/div>\n\t\t\t\t<\/div>\n\t\t\t\t\t<\/div>\n\t\t<\/div>\n\t\t\t\t<div class=\"has_eae_slider elementor-column elementor-col-50 elementor-top-column elementor-element elementor-element-50b1cd2\" data-eae-slider=\"90286\" data-id=\"50b1cd2\" data-element_type=\"column\" data-e-type=\"column\">\n\t\t\t<div class=\"elementor-widget-wrap elementor-element-populated\">\n\t\t\t\t\t\t<div class=\"elementor-element elementor-element-52604f0 elementor-widget elementor-widget-image\" data-id=\"52604f0\" data-element_type=\"widget\" data-e-type=\"widget\" data-widget_type=\"image.default\">\n\t\t\t\t<div class=\"elementor-widget-container\">\n\t\t\t\t\t\t\t\t\t\t\t\t\t\t\t<img decoding=\"async\" width=\"1024\" height=\"680\" src=\"https:\/\/ride-in.de\/site\/wp-content\/uploads\/2021\/01\/FBMONDIAL_FLAT_TRACK_125i_ABS_black_04-1024x680.jpg\" class=\"attachment-large size-large wp-image-685\" alt=\"\" srcset=\"https:\/\/ride-in.de\/site\/wp-content\/uploads\/2021\/01\/FBMONDIAL_FLAT_TRACK_125i_ABS_black_04-1024x680.jpg 1024w, https:\/\/ride-in.de\/site\/wp-content\/uploads\/2021\/01\/FBMONDIAL_FLAT_TRACK_125i_ABS_black_04-300x199.jpg 300w, https:\/\/ride-in.de\/site\/wp-content\/uploads\/2021\/01\/FBMONDIAL_FLAT_TRACK_125i_ABS_black_04-768x510.jpg 768w, https:\/\/ride-in.de\/site\/wp-content\/uploads\/2021\/01\/FBMONDIAL_FLAT_TRACK_125i_ABS_black_04-1536x1020.jpg 1536w, https:\/\/ride-in.de\/site\/wp-content\/uploads\/2021\/01\/FBMONDIAL_FLAT_TRACK_125i_ABS_black_04-2048x1360.jpg 2048w, https:\/\/ride-in.de\/site\/wp-content\/uploads\/2021\/01\/FBMONDIAL_FLAT_TRACK_125i_ABS_black_04-450x300.jpg 450w, https:\/\/ride-in.de\/site\/wp-content\/uploads\/2021\/01\/FBMONDIAL_FLAT_TRACK_125i_ABS_black_04-90x60.jpg 90w\" sizes=\"(max-width: 1024px) 100vw, 1024px\" \/>\t\t\t\t\t\t\t\t\t\t\t\t\t\t\t<\/div>\n\t\t\t\t<\/div>\n\t\t\t\t\t<\/div>\n\t\t<\/div>\n\t\t\t\t\t<\/div>\n\t\t<\/section>\n\t\t\t\t<section class=\"has_eae_slider elementor-section elementor-top-section elementor-element elementor-element-b3cd735 elementor-section-boxed elementor-section-height-default elementor-section-height-default\" data-eae-slider=\"36954\" data-id=\"b3cd735\" data-element_type=\"section\" data-e-type=\"section\">\n\t\t\t\t\t\t<div class=\"elementor-container elementor-column-gap-default\">\n\t\t\t\t\t<div class=\"has_eae_slider elementor-column elementor-col-50 elementor-top-column elementor-element elementor-element-32bba97\" data-eae-slider=\"34315\" data-id=\"32bba97\" data-element_type=\"column\" data-e-type=\"column\">\n\t\t\t<div class=\"elementor-widget-wrap elementor-element-populated\">\n\t\t\t\t\t\t<div class=\"elementor-element elementor-element-bdd948b elementor-widget elementor-widget-image\" data-id=\"bdd948b\" data-element_type=\"widget\" data-e-type=\"widget\" data-widget_type=\"image.default\">\n\t\t\t\t<div class=\"elementor-widget-container\">\n\t\t\t\t\t\t\t\t\t\t\t\t\t\t\t<img loading=\"lazy\" decoding=\"async\" width=\"1024\" height=\"680\" src=\"https:\/\/ride-in.de\/site\/wp-content\/uploads\/2021\/01\/FBMONDIAL_FLAT_TRACK_125i_ABS_yellow_01-1024x680.jpg\" class=\"attachment-large size-large wp-image-696\" alt=\"\" srcset=\"https:\/\/ride-in.de\/site\/wp-content\/uploads\/2021\/01\/FBMONDIAL_FLAT_TRACK_125i_ABS_yellow_01-1024x680.jpg 1024w, https:\/\/ride-in.de\/site\/wp-content\/uploads\/2021\/01\/FBMONDIAL_FLAT_TRACK_125i_ABS_yellow_01-300x199.jpg 300w, https:\/\/ride-in.de\/site\/wp-content\/uploads\/2021\/01\/FBMONDIAL_FLAT_TRACK_125i_ABS_yellow_01-768x510.jpg 768w, https:\/\/ride-in.de\/site\/wp-content\/uploads\/2021\/01\/FBMONDIAL_FLAT_TRACK_125i_ABS_yellow_01-1536x1020.jpg 1536w, https:\/\/ride-in.de\/site\/wp-content\/uploads\/2021\/01\/FBMONDIAL_FLAT_TRACK_125i_ABS_yellow_01-2048x1360.jpg 2048w, https:\/\/ride-in.de\/site\/wp-content\/uploads\/2021\/01\/FBMONDIAL_FLAT_TRACK_125i_ABS_yellow_01-450x300.jpg 450w, https:\/\/ride-in.de\/site\/wp-content\/uploads\/2021\/01\/FBMONDIAL_FLAT_TRACK_125i_ABS_yellow_01-90x60.jpg 90w\" sizes=\"(max-width: 1024px) 100vw, 1024px\" \/>\t\t\t\t\t\t\t\t\t\t\t\t\t\t\t<\/div>\n\t\t\t\t<\/div>\n\t\t\t\t\t<\/div>\n\t\t<\/div>\n\t\t\t\t<div class=\"has_eae_slider elementor-column elementor-col-50 elementor-top-column elementor-element elementor-element-65e9f7d\" data-eae-slider=\"22483\" data-id=\"65e9f7d\" data-element_type=\"column\" data-e-type=\"column\">\n\t\t\t<div class=\"elementor-widget-wrap elementor-element-populated\">\n\t\t\t\t\t\t<div class=\"elementor-element elementor-element-bce31d9 elementor-widget elementor-widget-image\" data-id=\"bce31d9\" data-element_type=\"widget\" data-e-type=\"widget\" data-widget_type=\"image.default\">\n\t\t\t\t<div class=\"elementor-widget-container\">\n\t\t\t\t\t\t\t\t\t\t\t\t\t\t\t<img loading=\"lazy\" decoding=\"async\" width=\"1024\" height=\"692\" src=\"https:\/\/ride-in.de\/site\/wp-content\/uploads\/2021\/01\/FBMONDIAL_FLAT_TRACK_125i_ABS_black_05-1024x692.jpg\" class=\"attachment-large size-large wp-image-686\" alt=\"\" srcset=\"https:\/\/ride-in.de\/site\/wp-content\/uploads\/2021\/01\/FBMONDIAL_FLAT_TRACK_125i_ABS_black_05-1024x692.jpg 1024w, https:\/\/ride-in.de\/site\/wp-content\/uploads\/2021\/01\/FBMONDIAL_FLAT_TRACK_125i_ABS_black_05-300x203.jpg 300w, https:\/\/ride-in.de\/site\/wp-content\/uploads\/2021\/01\/FBMONDIAL_FLAT_TRACK_125i_ABS_black_05-768x519.jpg 768w, https:\/\/ride-in.de\/site\/wp-content\/uploads\/2021\/01\/FBMONDIAL_FLAT_TRACK_125i_ABS_black_05-1536x1037.jpg 1536w, https:\/\/ride-in.de\/site\/wp-content\/uploads\/2021\/01\/FBMONDIAL_FLAT_TRACK_125i_ABS_black_05-2048x1383.jpg 2048w, https:\/\/ride-in.de\/site\/wp-content\/uploads\/2021\/01\/FBMONDIAL_FLAT_TRACK_125i_ABS_black_05-89x60.jpg 89w\" sizes=\"(max-width: 1024px) 100vw, 1024px\" \/>\t\t\t\t\t\t\t\t\t\t\t\t\t\t\t<\/div>\n\t\t\t\t<\/div>\n\t\t\t\t\t<\/div>\n\t\t<\/div>\n\t\t\t\t\t<\/div>\n\t\t<\/section>\n\t\t\t\t<section class=\"has_eae_slider elementor-section elementor-top-section elementor-element elementor-element-36e63c3 elementor-section-boxed elementor-section-height-default elementor-section-height-default\" data-eae-slider=\"36417\" data-id=\"36e63c3\" data-element_type=\"section\" data-e-type=\"section\">\n\t\t\t\t\t\t<div class=\"elementor-container elementor-column-gap-default\">\n\t\t\t\t\t<div class=\"has_eae_slider elementor-column elementor-col-50 elementor-top-column elementor-element elementor-element-0001889\" data-eae-slider=\"55470\" data-id=\"0001889\" data-element_type=\"column\" data-e-type=\"column\">\n\t\t\t<div class=\"elementor-widget-wrap elementor-element-populated\">\n\t\t\t\t\t\t<div class=\"elementor-element elementor-element-ebc8631 elementor-widget elementor-widget-image\" data-id=\"ebc8631\" data-element_type=\"widget\" data-e-type=\"widget\" data-widget_type=\"image.default\">\n\t\t\t\t<div class=\"elementor-widget-container\">\n\t\t\t\t\t\t\t\t\t\t\t\t\t\t\t<img loading=\"lazy\" decoding=\"async\" width=\"680\" height=\"1024\" src=\"https:\/\/ride-in.de\/site\/wp-content\/uploads\/2021\/01\/FBMONDIAL_FLAT_TRACK_125i_ABS_yellow_03-680x1024.jpg\" class=\"attachment-large size-large wp-image-698\" alt=\"\" srcset=\"https:\/\/ride-in.de\/site\/wp-content\/uploads\/2021\/01\/FBMONDIAL_FLAT_TRACK_125i_ABS_yellow_03-680x1024.jpg 680w, https:\/\/ride-in.de\/site\/wp-content\/uploads\/2021\/01\/FBMONDIAL_FLAT_TRACK_125i_ABS_yellow_03-199x300.jpg 199w, https:\/\/ride-in.de\/site\/wp-content\/uploads\/2021\/01\/FBMONDIAL_FLAT_TRACK_125i_ABS_yellow_03-768x1156.jpg 768w, https:\/\/ride-in.de\/site\/wp-content\/uploads\/2021\/01\/FBMONDIAL_FLAT_TRACK_125i_ABS_yellow_03-1020x1536.jpg 1020w, https:\/\/ride-in.de\/site\/wp-content\/uploads\/2021\/01\/FBMONDIAL_FLAT_TRACK_125i_ABS_yellow_03-1360x2048.jpg 1360w, https:\/\/ride-in.de\/site\/wp-content\/uploads\/2021\/01\/FBMONDIAL_FLAT_TRACK_125i_ABS_yellow_03-40x60.jpg 40w, https:\/\/ride-in.de\/site\/wp-content\/uploads\/2021\/01\/FBMONDIAL_FLAT_TRACK_125i_ABS_yellow_03-scaled.jpg 1700w\" sizes=\"(max-width: 680px) 100vw, 680px\" \/>\t\t\t\t\t\t\t\t\t\t\t\t\t\t\t<\/div>\n\t\t\t\t<\/div>\n\t\t\t\t\t<\/div>\n\t\t<\/div>\n\t\t\t\t<div class=\"has_eae_slider elementor-column elementor-col-50 elementor-top-column elementor-element elementor-element-bf7d53c\" data-eae-slider=\"72214\" data-id=\"bf7d53c\" data-element_type=\"column\" data-e-type=\"column\">\n\t\t\t<div class=\"elementor-widget-wrap elementor-element-populated\">\n\t\t\t\t\t\t<div class=\"elementor-element elementor-element-6a4f252 elementor-widget elementor-widget-image\" data-id=\"6a4f252\" data-element_type=\"widget\" data-e-type=\"widget\" data-widget_type=\"image.default\">\n\t\t\t\t<div class=\"elementor-widget-container\">\n\t\t\t\t\t\t\t\t\t\t\t\t\t\t\t<img loading=\"lazy\" decoding=\"async\" width=\"680\" height=\"1024\" src=\"https:\/\/ride-in.de\/site\/wp-content\/uploads\/2021\/01\/FBMONDIAL_FLAT_TRACK_125i_ABS_black_03-680x1024.jpg\" class=\"attachment-large size-large wp-image-684\" alt=\"\" srcset=\"https:\/\/ride-in.de\/site\/wp-content\/uploads\/2021\/01\/FBMONDIAL_FLAT_TRACK_125i_ABS_black_03-680x1024.jpg 680w, https:\/\/ride-in.de\/site\/wp-content\/uploads\/2021\/01\/FBMONDIAL_FLAT_TRACK_125i_ABS_black_03-199x300.jpg 199w, https:\/\/ride-in.de\/site\/wp-content\/uploads\/2021\/01\/FBMONDIAL_FLAT_TRACK_125i_ABS_black_03-768x1156.jpg 768w, https:\/\/ride-in.de\/site\/wp-content\/uploads\/2021\/01\/FBMONDIAL_FLAT_TRACK_125i_ABS_black_03-1020x1536.jpg 1020w, https:\/\/ride-in.de\/site\/wp-content\/uploads\/2021\/01\/FBMONDIAL_FLAT_TRACK_125i_ABS_black_03-1360x2048.jpg 1360w, https:\/\/ride-in.de\/site\/wp-content\/uploads\/2021\/01\/FBMONDIAL_FLAT_TRACK_125i_ABS_black_03-40x60.jpg 40w, https:\/\/ride-in.de\/site\/wp-content\/uploads\/2021\/01\/FBMONDIAL_FLAT_TRACK_125i_ABS_black_03-scaled.jpg 1700w\" sizes=\"(max-width: 680px) 100vw, 680px\" \/>\t\t\t\t\t\t\t\t\t\t\t\t\t\t\t<\/div>\n\t\t\t\t<\/div>\n\t\t\t\t\t<\/div>\n\t\t<\/div>\n\t\t\t\t\t<\/div>\n\t\t<\/section>\n\t\t\t\t<section class=\"has_eae_slider elementor-section elementor-top-section elementor-element elementor-element-e631930 elementor-section-boxed elementor-section-height-default elementor-section-height-default\" data-eae-slider=\"10337\" data-id=\"e631930\" data-element_type=\"section\" data-e-type=\"section\">\n\t\t\t\t\t\t<div class=\"elementor-container elementor-column-gap-default\">\n\t\t\t\t\t<div class=\"has_eae_slider elementor-column elementor-col-100 elementor-top-column elementor-element elementor-element-39476f9\" data-eae-slider=\"7113\" data-id=\"39476f9\" data-element_type=\"column\" data-e-type=\"column\">\n\t\t\t<div class=\"elementor-widget-wrap elementor-element-populated\">\n\t\t\t\t\t\t<div class=\"elementor-element elementor-element-08adf21 elementor-widget elementor-widget-text-editor\" data-id=\"08adf21\" data-element_type=\"widget\" data-e-type=\"widget\" data-widget_type=\"text-editor.default\">\n\t\t\t\t<div class=\"elementor-widget-container\">\n\t\t\t\t\t\t\t\t\t<div class=\"productWrap widthContainer-full tecDetailsBackground\"><div class=\"widthContainer-content productSpecWrap row\" data-jumpnavid=\".productSpecWrap\" data-jumpnav=\"Technische Daten\"><h3>Technische Daten<\/h3><table class=\"productTechnicalSpec\"><tbody><tr><td class=\"specTitle\">Motortyp<\/td><td class=\"specVal\">Einzylinder Viertaktmotor mit 4 Ventilen und elektronischer Einspritzung<\/td><\/tr><tr><td class=\"specTitle\">Hubraum<\/td><td class=\"specVal\">124 cm\u00b3<\/td><\/tr><tr><td class=\"specTitle\">Getriebe<\/td><td class=\"specVal\">6 G\u00e4nge<\/td><\/tr><tr><td class=\"specTitle\">Starter<\/td><td class=\"specVal\">Elektrisch<\/td><\/tr><tr><td class=\"specTitle\">Tankinhalt<\/td><td class=\"specVal\">9,5 Liter<\/td><\/tr><tr><td class=\"specTitle\">Sitzh\u00f6he<\/td><td class=\"specVal\">846 mm<\/td><\/tr><tr><td class=\"specTitle\">Leergewicht<\/td><td class=\"specVal\">133 kg<\/td><\/tr><tr><td class=\"specTitle\">Abgaswerte<\/td><td class=\"specVal\">EURO 5 \/ Kraftstoffverbrauch (l\/100 km) \u00d8 1,9 l; CO2 Emissionen 44 g\/km<\/td><\/tr><\/tbody><\/table><div class=\"starTextContent\"><p>*Die unverbindliche Preisempfehlung in Deutschland versteht sich inklusive derzeit gesetzlicher Mehrwertsteuer und zzgl. \u00dcberf\u00fchrungskosten. Die \u00dcberf\u00fchrungskosten liegen im Jahr 2021 bei 220,00 Euro. Irrt\u00fcmer und \u00c4nderungen vorbehalten.<\/p><\/div><\/div><\/div>\t\t\t\t\t\t\t\t<\/div>\n\t\t\t\t<\/div>\n\t\t\t\t\t<\/div>\n\t\t<\/div>\n\t\t\t\t\t<\/div>\n\t\t<\/section>\n\t\t\t\t<\/div>\n\t\t","protected":false},"excerpt":{"rendered":"<p>Technische Daten Motortyp Einzylinder Viertaktmotor mit 4 Ventilen und elektronischer Einspritzung Hubraum 124 cm\u00b3 Getriebe 6 G\u00e4nge Starter Elektrisch Tankinhalt 9,5 Liter Sitzh\u00f6he 846 mm Leergewicht 133 kg Abgaswerte EURO 5 \/ Kraftstoffverbrauch (l\/100 km) \u00d8 1,9 l; CO2 Emissionen 44 g\/km *Die unverbindliche Preisempfehlung in Deutschland versteht sich inklusive derzeit gesetzlicher Mehrwertsteuer und zzgl. &hellip; <\/p>\n","protected":false},"author":2,"featured_media":0,"parent":413,"menu_order":2,"comment_status":"closed","ping_status":"closed","template":"","meta":{"footnotes":""},"folder":[145],"class_list":["post-661","page","type-page","status-publish","hentry"],"yoast_head":"<!-- This site is optimized with the Yoast SEO plugin v27.4 - https:\/\/yoast.com\/product\/yoast-seo-wordpress\/ -->\n<title>Flat Track 125i ABS - RIDE IN<\/title>\n<meta name=\"robots\" content=\"index, follow, max-snippet:-1, max-image-preview:large, max-video-preview:-1\" \/>\n<link rel=\"canonical\" href=\"https:\/\/ride-in.de\/site\/fb-mondial\/flat-track-125i-abs\/\" \/>\n<meta property=\"og:locale\" content=\"de_DE\" \/>\n<meta property=\"og:type\" content=\"article\" \/>\n<meta property=\"og:title\" content=\"Flat Track 125i ABS - RIDE IN\" \/>\n<meta property=\"og:description\" content=\"Technische Daten Motortyp Einzylinder Viertaktmotor mit 4 Ventilen und elektronischer Einspritzung Hubraum 124 cm\u00b3 Getriebe 6 G\u00e4nge Starter Elektrisch Tankinhalt 9,5 Liter Sitzh\u00f6he 846 mm Leergewicht 133 kg Abgaswerte EURO 5 \/ Kraftstoffverbrauch (l\/100 km) \u00d8 1,9 l; CO2 Emissionen 44 g\/km *Die unverbindliche Preisempfehlung in Deutschland versteht sich inklusive derzeit gesetzlicher Mehrwertsteuer und zzgl. &hellip;\" \/>\n<meta property=\"og:url\" content=\"https:\/\/ride-in.de\/site\/fb-mondial\/flat-track-125i-abs\/\" \/>\n<meta property=\"og:site_name\" content=\"RIDE IN\" \/>\n<meta property=\"article:modified_time\" content=\"2021-03-03T11:21:50+00:00\" \/>\n<meta property=\"og:image\" content=\"https:\/\/ride-in.de\/site\/wp-content\/uploads\/2021\/01\/FBMONDIAL_FLAT_TRACK_125i_ABS_yellow_Fahraufnahme_2-scaled.jpg\" \/>\n\t<meta property=\"og:image:width\" content=\"2560\" \/>\n\t<meta property=\"og:image:height\" content=\"1700\" \/>\n\t<meta property=\"og:image:type\" content=\"image\/jpeg\" \/>\n<meta name=\"twitter:card\" content=\"summary_large_image\" \/>\n<script type=\"application\/ld+json\" class=\"yoast-schema-graph\">{\"@context\":\"https:\\\/\\\/schema.org\",\"@graph\":[{\"@type\":\"WebPage\",\"@id\":\"https:\\\/\\\/ride-in.de\\\/site\\\/fb-mondial\\\/flat-track-125i-abs\\\/\",\"url\":\"https:\\\/\\\/ride-in.de\\\/site\\\/fb-mondial\\\/flat-track-125i-abs\\\/\",\"name\":\"Flat Track 125i ABS - RIDE IN\",\"isPartOf\":{\"@id\":\"https:\\\/\\\/ride-in.de\\\/site\\\/#website\"},\"primaryImageOfPage\":{\"@id\":\"https:\\\/\\\/ride-in.de\\\/site\\\/fb-mondial\\\/flat-track-125i-abs\\\/#primaryimage\"},\"image\":{\"@id\":\"https:\\\/\\\/ride-in.de\\\/site\\\/fb-mondial\\\/flat-track-125i-abs\\\/#primaryimage\"},\"thumbnailUrl\":\"https:\\\/\\\/ride-in.de\\\/site\\\/wp-content\\\/uploads\\\/2021\\\/01\\\/FBMONDIAL_FLAT_TRACK_125i_ABS_yellow_Fahraufnahme_2-1024x680.jpg\",\"datePublished\":\"2021-01-18T15:32:12+00:00\",\"dateModified\":\"2021-03-03T11:21:50+00:00\",\"breadcrumb\":{\"@id\":\"https:\\\/\\\/ride-in.de\\\/site\\\/fb-mondial\\\/flat-track-125i-abs\\\/#breadcrumb\"},\"inLanguage\":\"de\",\"potentialAction\":[{\"@type\":\"ReadAction\",\"target\":[\"https:\\\/\\\/ride-in.de\\\/site\\\/fb-mondial\\\/flat-track-125i-abs\\\/\"]}]},{\"@type\":\"ImageObject\",\"inLanguage\":\"de\",\"@id\":\"https:\\\/\\\/ride-in.de\\\/site\\\/fb-mondial\\\/flat-track-125i-abs\\\/#primaryimage\",\"url\":\"https:\\\/\\\/ride-in.de\\\/site\\\/wp-content\\\/uploads\\\/2021\\\/01\\\/FBMONDIAL_FLAT_TRACK_125i_ABS_yellow_Fahraufnahme_2-scaled.jpg\",\"contentUrl\":\"https:\\\/\\\/ride-in.de\\\/site\\\/wp-content\\\/uploads\\\/2021\\\/01\\\/FBMONDIAL_FLAT_TRACK_125i_ABS_yellow_Fahraufnahme_2-scaled.jpg\",\"width\":2560,\"height\":1700},{\"@type\":\"BreadcrumbList\",\"@id\":\"https:\\\/\\\/ride-in.de\\\/site\\\/fb-mondial\\\/flat-track-125i-abs\\\/#breadcrumb\",\"itemListElement\":[{\"@type\":\"ListItem\",\"position\":1,\"name\":\"Start\",\"item\":\"https:\\\/\\\/ride-in.de\\\/site\\\/\"},{\"@type\":\"ListItem\",\"position\":2,\"name\":\"FB Mondial\",\"item\":\"https:\\\/\\\/ride-in.de\\\/site\\\/fb-mondial\\\/\"},{\"@type\":\"ListItem\",\"position\":3,\"name\":\"Flat Track 125i ABS\"}]},{\"@type\":\"WebSite\",\"@id\":\"https:\\\/\\\/ride-in.de\\\/site\\\/#website\",\"url\":\"https:\\\/\\\/ride-in.de\\\/site\\\/\",\"name\":\"RIDE IN\",\"description\":\"Zweirad-Service\",\"publisher\":{\"@id\":\"https:\\\/\\\/ride-in.de\\\/site\\\/#organization\"},\"potentialAction\":[{\"@type\":\"SearchAction\",\"target\":{\"@type\":\"EntryPoint\",\"urlTemplate\":\"https:\\\/\\\/ride-in.de\\\/site\\\/?s={search_term_string}\"},\"query-input\":{\"@type\":\"PropertyValueSpecification\",\"valueRequired\":true,\"valueName\":\"search_term_string\"}}],\"inLanguage\":\"de\"},{\"@type\":\"Organization\",\"@id\":\"https:\\\/\\\/ride-in.de\\\/site\\\/#organization\",\"name\":\"RIDE IN\",\"url\":\"https:\\\/\\\/ride-in.de\\\/site\\\/\",\"logo\":{\"@type\":\"ImageObject\",\"inLanguage\":\"de\",\"@id\":\"https:\\\/\\\/ride-in.de\\\/site\\\/#\\\/schema\\\/logo\\\/image\\\/\",\"url\":\"https:\\\/\\\/ride-in.de\\\/site\\\/wp-content\\\/uploads\\\/2021\\\/01\\\/logo-ride-in-gerade333x111.png\",\"contentUrl\":\"https:\\\/\\\/ride-in.de\\\/site\\\/wp-content\\\/uploads\\\/2021\\\/01\\\/logo-ride-in-gerade333x111.png\",\"width\":333,\"height\":111,\"caption\":\"RIDE IN\"},\"image\":{\"@id\":\"https:\\\/\\\/ride-in.de\\\/site\\\/#\\\/schema\\\/logo\\\/image\\\/\"}}]}<\/script>\n<!-- \/ Yoast SEO plugin. -->","yoast_head_json":{"title":"Flat Track 125i ABS - RIDE IN","robots":{"index":"index","follow":"follow","max-snippet":"max-snippet:-1","max-image-preview":"max-image-preview:large","max-video-preview":"max-video-preview:-1"},"canonical":"https:\/\/ride-in.de\/site\/fb-mondial\/flat-track-125i-abs\/","og_locale":"de_DE","og_type":"article","og_title":"Flat Track 125i ABS - RIDE IN","og_description":"Technische Daten Motortyp Einzylinder Viertaktmotor mit 4 Ventilen und elektronischer Einspritzung Hubraum 124 cm\u00b3 Getriebe 6 G\u00e4nge Starter Elektrisch Tankinhalt 9,5 Liter Sitzh\u00f6he 846 mm Leergewicht 133 kg Abgaswerte EURO 5 \/ Kraftstoffverbrauch (l\/100 km) \u00d8 1,9 l; CO2 Emissionen 44 g\/km *Die unverbindliche Preisempfehlung in Deutschland versteht sich inklusive derzeit gesetzlicher Mehrwertsteuer und zzgl. &hellip;","og_url":"https:\/\/ride-in.de\/site\/fb-mondial\/flat-track-125i-abs\/","og_site_name":"RIDE IN","article_modified_time":"2021-03-03T11:21:50+00:00","og_image":[{"width":2560,"height":1700,"url":"https:\/\/ride-in.de\/site\/wp-content\/uploads\/2021\/01\/FBMONDIAL_FLAT_TRACK_125i_ABS_yellow_Fahraufnahme_2-scaled.jpg","type":"image\/jpeg"}],"twitter_card":"summary_large_image","schema":{"@context":"https:\/\/schema.org","@graph":[{"@type":"WebPage","@id":"https:\/\/ride-in.de\/site\/fb-mondial\/flat-track-125i-abs\/","url":"https:\/\/ride-in.de\/site\/fb-mondial\/flat-track-125i-abs\/","name":"Flat Track 125i ABS - RIDE IN","isPartOf":{"@id":"https:\/\/ride-in.de\/site\/#website"},"primaryImageOfPage":{"@id":"https:\/\/ride-in.de\/site\/fb-mondial\/flat-track-125i-abs\/#primaryimage"},"image":{"@id":"https:\/\/ride-in.de\/site\/fb-mondial\/flat-track-125i-abs\/#primaryimage"},"thumbnailUrl":"https:\/\/ride-in.de\/site\/wp-content\/uploads\/2021\/01\/FBMONDIAL_FLAT_TRACK_125i_ABS_yellow_Fahraufnahme_2-1024x680.jpg","datePublished":"2021-01-18T15:32:12+00:00","dateModified":"2021-03-03T11:21:50+00:00","breadcrumb":{"@id":"https:\/\/ride-in.de\/site\/fb-mondial\/flat-track-125i-abs\/#breadcrumb"},"inLanguage":"de","potentialAction":[{"@type":"ReadAction","target":["https:\/\/ride-in.de\/site\/fb-mondial\/flat-track-125i-abs\/"]}]},{"@type":"ImageObject","inLanguage":"de","@id":"https:\/\/ride-in.de\/site\/fb-mondial\/flat-track-125i-abs\/#primaryimage","url":"https:\/\/ride-in.de\/site\/wp-content\/uploads\/2021\/01\/FBMONDIAL_FLAT_TRACK_125i_ABS_yellow_Fahraufnahme_2-scaled.jpg","contentUrl":"https:\/\/ride-in.de\/site\/wp-content\/uploads\/2021\/01\/FBMONDIAL_FLAT_TRACK_125i_ABS_yellow_Fahraufnahme_2-scaled.jpg","width":2560,"height":1700},{"@type":"BreadcrumbList","@id":"https:\/\/ride-in.de\/site\/fb-mondial\/flat-track-125i-abs\/#breadcrumb","itemListElement":[{"@type":"ListItem","position":1,"name":"Start","item":"https:\/\/ride-in.de\/site\/"},{"@type":"ListItem","position":2,"name":"FB Mondial","item":"https:\/\/ride-in.de\/site\/fb-mondial\/"},{"@type":"ListItem","position":3,"name":"Flat Track 125i ABS"}]},{"@type":"WebSite","@id":"https:\/\/ride-in.de\/site\/#website","url":"https:\/\/ride-in.de\/site\/","name":"RIDE IN","description":"Zweirad-Service","publisher":{"@id":"https:\/\/ride-in.de\/site\/#organization"},"potentialAction":[{"@type":"SearchAction","target":{"@type":"EntryPoint","urlTemplate":"https:\/\/ride-in.de\/site\/?s={search_term_string}"},"query-input":{"@type":"PropertyValueSpecification","valueRequired":true,"valueName":"search_term_string"}}],"inLanguage":"de"},{"@type":"Organization","@id":"https:\/\/ride-in.de\/site\/#organization","name":"RIDE IN","url":"https:\/\/ride-in.de\/site\/","logo":{"@type":"ImageObject","inLanguage":"de","@id":"https:\/\/ride-in.de\/site\/#\/schema\/logo\/image\/","url":"https:\/\/ride-in.de\/site\/wp-content\/uploads\/2021\/01\/logo-ride-in-gerade333x111.png","contentUrl":"https:\/\/ride-in.de\/site\/wp-content\/uploads\/2021\/01\/logo-ride-in-gerade333x111.png","width":333,"height":111,"caption":"RIDE IN"},"image":{"@id":"https:\/\/ride-in.de\/site\/#\/schema\/logo\/image\/"}}]}},"_links":{"self":[{"href":"https:\/\/ride-in.de\/site\/wp-json\/wp\/v2\/pages\/661","targetHints":{"allow":["GET"]}}],"collection":[{"href":"https:\/\/ride-in.de\/site\/wp-json\/wp\/v2\/pages"}],"about":[{"href":"https:\/\/ride-in.de\/site\/wp-json\/wp\/v2\/types\/page"}],"author":[{"embeddable":true,"href":"https:\/\/ride-in.de\/site\/wp-json\/wp\/v2\/users\/2"}],"replies":[{"embeddable":true,"href":"https:\/\/ride-in.de\/site\/wp-json\/wp\/v2\/comments?post=661"}],"version-history":[{"count":5,"href":"https:\/\/ride-in.de\/site\/wp-json\/wp\/v2\/pages\/661\/revisions"}],"predecessor-version":[{"id":713,"href":"https:\/\/ride-in.de\/site\/wp-json\/wp\/v2\/pages\/661\/revisions\/713"}],"up":[{"embeddable":true,"href":"https:\/\/ride-in.de\/site\/wp-json\/wp\/v2\/pages\/413"}],"wp:attachment":[{"href":"https:\/\/ride-in.de\/site\/wp-json\/wp\/v2\/media?parent=661"}],"wp:term":[{"taxonomy":"folder","embeddable":true,"href":"https:\/\/ride-in.de\/site\/wp-json\/wp\/v2\/folder?post=661"}],"curies":[{"name":"wp","href":"https:\/\/api.w.org\/{rel}","templated":true}]}}